{"id":3973,"date":"2022-09-08T10:41:59","date_gmt":"2022-09-08T08:41:59","guid":{"rendered":"https:\/\/raks.pl\/pomoc\/?page_id=3973"},"modified":"2022-09-12T11:53:34","modified_gmt":"2022-09-12T09:53:34","slug":"tworzenie-struktury-organizacyjnej","status":"publish","type":"page","link":"https:\/\/raks.pl\/pomoc\/przepisy-kadry\/e-pracownik\/konfiguracja-i-wdrozenie\/tworzenie-struktury-organizacyjnej\/","title":{"rendered":"Tworzenie struktury organizacyjnej"},"content":{"rendered":"\n<p>Aplikacja E-pracownik pozwala na odtworzenie struktury organizacyjnej danej firmy poprzez podzielenie u\u017cytkownik\u00f3w aplikacji na prze\u0142o\u017conych i podw\u0142adnych. W tym celu nale\u017cy najpierw u\u017cytkownikom nada\u0107 odpowiednie role. Osobom, kt\u00f3re pe\u0142ni\u0105 rol\u0119 zarz\u0105dzaj\u0105cych pracownikami, rol\u0119 Kadrowej, kierownikom rol\u0119 Kierownika, pracownikom rol\u0119 Pracownika. Dzi\u0119ki temu b\u0119dzie mo\u017cna stworzy\u0107 odpowiednie relacje mi\u0119dzy prze\u0142o\u017conymi i podw\u0142adnymi, a tym samym okre\u015bli\u0107, kto komu zatwierdza wnioski urlopowe.<\/p>\n\n\n\n<p>Do stworzenia takiej struktury s\u0142u\u017cy funkcja \u201eStruktura podw\u0142adnych\u201d dost\u0119pna dla Ksi\u0119gowej i Kadrowej. Funkcj\u0119 w\u0142\u0105cza si\u0119 z menu g\u0142\u00f3wnego lub paska nawigacyjnego. Uruchomiona funkcjonalno\u015b\u0107 wy\u015bwietla nast\u0119puj\u0105cy ekran:<\/p>\n\n\n<div class=\"wp-block-image\">\n<figure class=\"aligncenter size-full\"><img loading=\"lazy\" decoding=\"async\" width=\"672\" height=\"329\" src=\"https:\/\/raks.pl\/pomoc\/wp-content\/uploads\/2022\/09\/9.png\" alt=\"\" class=\"wp-image-3974\" srcset=\"https:\/\/raks.pl\/pomoc\/wp-content\/uploads\/2022\/09\/9.png 672w, https:\/\/raks.pl\/pomoc\/wp-content\/uploads\/2022\/09\/9-300x147.png 300w\" sizes=\"auto, (max-width: 672px) 100vw, 672px\" \/><figcaption>Struktura podw\u0142adnych<\/figcaption><\/figure>\n<\/div>\n\n\n<p>Na stronie widoczny jest przycisk umo\u017cliwiaj\u0105cy dodanie (przydzielenie) podw\u0142adnego do wybranego z listy u\u017cytkownika z nadan\u0105 rola Kierownika oraz lista podw\u0142adnych, przydzielonych do wskazanego Kierownika.<\/p>\n\n\n\n<p>Aby przydzieli\u0107 podw\u0142adnego nale\u017cy najpierw z listy kierownik\u00f3w wybra\u0107 odpowiedniego u\u017cytkownika, a nast\u0119pnie klikn\u0105\u0107 przycisk \u201eDodaj podw\u0142adnego\u201d. Na ekranie pojawi si\u0119 nast\u0119puj\u0105ce okno:<\/p>\n\n\n<div class=\"wp-block-image\">\n<figure class=\"aligncenter size-full\"><img loading=\"lazy\" decoding=\"async\" width=\"325\" height=\"225\" src=\"https:\/\/raks.pl\/pomoc\/wp-content\/uploads\/2022\/09\/10.png\" alt=\"\" class=\"wp-image-3975\" srcset=\"https:\/\/raks.pl\/pomoc\/wp-content\/uploads\/2022\/09\/10.png 325w, https:\/\/raks.pl\/pomoc\/wp-content\/uploads\/2022\/09\/10-300x208.png 300w\" sizes=\"auto, (max-width: 325px) 100vw, 325px\" \/><figcaption>Okno dodawania podw\u0142adnych<\/figcaption><\/figure>\n<\/div>\n\n\n<p>W oknie zostanie wy\u015bwietlona listy wszystkich zarejestrowanych w E-pracowniku u\u017cytkownik\u00f3w, kt\u00f3rzy nie s\u0105 jeszcze przydzieleni do wybranego wcze\u015bniej kierownika\/prze\u0142o\u017conego. Podw\u0142adnym Kierownika mo\u017ce by\u0107 inny Kierownik, dzi\u0119ki czemu mo\u017cliwe jest zbudowanie wielopoziomowej struktury zale\u017cno\u015bci mi\u0119dzy pracownikami. Aby przypisa\u0107 odpowiednich pracownik\u00f3w, nale\u017cy zaznaczy\u0107 pusty kwadrat narysowany przy nazwisku ka\u017cdego z pracownik\u00f3w i nacisn\u0105\u0107 przycisk \u201ePrzypisz zaznaczonych pracownik\u00f3w\u201d.<\/p>\n\n\n\n<p>Przypisani pracownicy pojawi\u0105 si\u0119 na li\u015bcie podw\u0142adnych wybranego wcze\u015bniej kierownika. Lista zawiera nast\u0119puj\u0105ce dane:<\/p>\n\n\n\n<ul class=\"wp-block-list\"><li>Nazwisko i imi\u0119 pracownika<\/li><li>E-mail pracownika<\/li><li>Role pracownika<\/li><li>Przycisk \u201eUsu\u0144\u201d umo\u017cliwiaj\u0105cy odpi\u0119cie pracownika od prze\u0142o\u017conego<\/li><\/ul>\n\n\n\n<p>Je\u017celi pracownik nie jest przydzielony do \u017cadnego Kierownika, nikt nie b\u0119dzie m\u00f3g\u0142 zatwierdza\u0107 jego wniosk\u00f3w urlopowych.<\/p>\n","protected":false},"excerpt":{"rendered":"<p>Aplikacja E-pracownik pozwala na odtworzenie struktury organizacyjnej danej firmy poprzez podzielenie u\u017cytkownik\u00f3w aplikacji na prze\u0142o\u017conych i podw\u0142adnych. W tym celu nale\u017cy najpierw u\u017cytkownikom nada\u0107 odpowiednie role. Osobom, kt\u00f3re pe\u0142ni\u0105 rol\u0119 zarz\u0105dzaj\u0105cych pracownikami, rol\u0119 Kadrowej, kierownikom rol\u0119 Kierownika, pracownikom rol\u0119 Pracownika. Dzi\u0119ki temu b\u0119dzie mo\u017cna stworzy\u0107 odpowiednie relacje mi\u0119dzy prze\u0142o\u017conymi i podw\u0142adnymi, a tym samym okre\u015bli\u0107, [&hellip;]<\/p>\n","protected":false},"author":2,"featured_media":0,"parent":3874,"menu_order":5,"comment_status":"closed","ping_status":"closed","template":"","meta":{"_acf_changed":false,"footnotes":""},"class_list":["post-3973","page","type-page","status-publish","hentry"],"acf":[],"_links":{"self":[{"href":"https:\/\/raks.pl\/pomoc\/wp-json\/wp\/v2\/pages\/3973","targetHints":{"allow":["GET"]}}],"collection":[{"href":"https:\/\/raks.pl\/pomoc\/wp-json\/wp\/v2\/pages"}],"about":[{"href":"https:\/\/raks.pl\/pomoc\/wp-json\/wp\/v2\/types\/page"}],"author":[{"embeddable":true,"href":"https:\/\/raks.pl\/pomoc\/wp-json\/wp\/v2\/users\/2"}],"replies":[{"embeddable":true,"href":"https:\/\/raks.pl\/pomoc\/wp-json\/wp\/v2\/comments?post=3973"}],"version-history":[{"count":1,"href":"https:\/\/raks.pl\/pomoc\/wp-json\/wp\/v2\/pages\/3973\/revisions"}],"predecessor-version":[{"id":3976,"href":"https:\/\/raks.pl\/pomoc\/wp-json\/wp\/v2\/pages\/3973\/revisions\/3976"}],"up":[{"embeddable":true,"href":"https:\/\/raks.pl\/pomoc\/wp-json\/wp\/v2\/pages\/3874"}],"wp:attachment":[{"href":"https:\/\/raks.pl\/pomoc\/wp-json\/wp\/v2\/media?parent=3973"}],"curies":[{"name":"wp","href":"https:\/\/api.w.org\/{rel}","templated":true}]}}