{"id":4010,"date":"2022-09-08T12:19:40","date_gmt":"2022-09-08T10:19:40","guid":{"rendered":"https:\/\/raks.pl\/pomoc\/?page_id=4010"},"modified":"2022-09-12T11:40:53","modified_gmt":"2022-09-12T09:40:53","slug":"grafik-urlopow-i-nieobecnosci","status":"publish","type":"page","link":"https:\/\/raks.pl\/pomoc\/przepisy-kadry\/e-pracownik\/grafik-urlopow-i-nieobecnosci\/","title":{"rendered":"Grafik urlop\u00f3w i nieobecno\u015bci"},"content":{"rendered":"\n<p>U\u017cytkownicy o rolach Pracownik, Kierownik oraz Akceptant maj\u0105 do dyspozycji podgl\u0105d nieobecno\u015bci pracownik\u00f3w w postaci grafiku, gdzie na kalendarzu wybranego roku wida\u0107 zdarzenia zwi\u0105zane z absencjami pracownika. Kierownik widzi grafik wszystkich swoich podw\u0142adnych, Akceptant widzi grafik przydzielonych pracownik\u00f3w, a pracownik tylko sw\u00f3j. Na grafiku, kt\u00f3ry ma form\u0119 kalendarza oznaczane s\u0105 nast\u0119puj\u0105ce zdarzenia:<\/p>\n\n\n\n<ul class=\"wp-block-list\"><li>Urlop zatwierdzony i zaimportowany do systemu Raks SQL \u2013 oznaczony kolorem zielonym.<\/li><li>Urlop oczekuj\u0105cy na zatwierdzenie \u2013 oznaczony kolorem \u017c\u00f3\u0142tym<\/li><li>Inne zdarzenie zarejestrowane w systemie Raks SQL &#8211; oznaczone kolorem niebieskim.<\/li><\/ul>\n\n\n\n<p>Po wskazaniu kursorem myszy pola symbolizuj\u0105cego dzie\u0144 kalendarza, wy\u015bwietla si\u0119 \u201edymek\u201d zawieraj\u0105cy podstawowe informacje o danym dniu.<\/p>\n\n\n\n<ul class=\"wp-block-list\"><li>Data<\/li><li>Rodzaj dnia: Dzie\u0144 pracy lub dzie\u0144 wolny od pracy<\/li><li>Czas pracy zadeklarowany dla wskazanego pracownika w danym dniu<\/li><li>Informacja o zdarzeniu jakie wyst\u0105pi\u0142o w danym dniu. np. rodzaj urlopu.<\/li><li>Typ pracy, np. praca stacjonarna<\/li><\/ul>\n\n\n\n<p class=\"has-text-align-center\"><img loading=\"lazy\" decoding=\"async\" width=\"300\" height=\"330\" class=\"wp-image-4011\" style=\"width: 300px;\" src=\"https:\/\/raks.pl\/pomoc\/wp-content\/uploads\/2022\/09\/8.1.png\" alt=\"\"><br><em>Informacje dotycz\u0105ce dnia na grafiku obecno\u015bci<\/em><\/p>\n\n\n\n<p>Na grafiku wy\u015bwietlane s\u0105 r\u00f3wnie\u017c informacje o typie obecno\u015bci. Pracownik mo\u017ce by\u0107 obecny w pracy w nast\u0119puj\u0105cych trybach:<\/p>\n\n\n\n<ul class=\"wp-block-list\"><li>Praca stacjonarna \u2013 dzie\u0144 na grafiku nie jest oznaczony kolorem ani \u017cadn\u0105 ikonk\u0105<\/li><li>Praca zdalna \u2013 dzie\u0144 na grafiku oznaczony jest ikonk\u0105 symbolizuj\u0105c\u0105 dom. <img loading=\"lazy\" decoding=\"async\" width=\"45\" height=\"29\" class=\"wp-image-4012\" style=\"width: 45px;\" src=\"https:\/\/raks.pl\/pomoc\/wp-content\/uploads\/2022\/09\/ikona1.png\" alt=\"\"><\/li><li>Praca w delegacji- dzie\u0144 na grafiku oznaczony jest ikon\u0105 symbolizuj\u0105c\u0105 samoch\u00f3d. <img loading=\"lazy\" decoding=\"async\" width=\"50\" height=\"28\" class=\"wp-image-4013\" style=\"width: 50px;\" src=\"https:\/\/raks.pl\/pomoc\/wp-content\/uploads\/2022\/09\/ikona2.png\" alt=\"\"><br><br><\/li><\/ul>\n\n\n\n<p>Na oknie wy\u015bwietlaj\u0105cym grafik urlop\u00f3w mo\u017cna podobnie jak na oknie listy wniosk\u00f3w urlopowych zarz\u0105dza\u0107 wnioskami: Doda\u0107 nowy wniosek, akceptowa\u0107 wniosek, odrzuci\u0107 wniosek, itd.<br><\/p>\n\n\n\n<p class=\"has-text-align-center\"><img loading=\"lazy\" decoding=\"async\" width=\"750\" height=\"367\" class=\"wp-image-4014\" style=\"width: 750px;\" src=\"https:\/\/raks.pl\/pomoc\/wp-content\/uploads\/2022\/09\/8.2.png\" alt=\"\" srcset=\"https:\/\/raks.pl\/pomoc\/wp-content\/uploads\/2022\/09\/8.2.png 1915w, https:\/\/raks.pl\/pomoc\/wp-content\/uploads\/2022\/09\/8.2-300x147.png 300w, https:\/\/raks.pl\/pomoc\/wp-content\/uploads\/2022\/09\/8.2-1024x501.png 1024w, https:\/\/raks.pl\/pomoc\/wp-content\/uploads\/2022\/09\/8.2-768x375.png 768w, https:\/\/raks.pl\/pomoc\/wp-content\/uploads\/2022\/09\/8.2-1536x751.png 1536w\" sizes=\"auto, (max-width: 750px) 100vw, 750px\" \/><br><em>Grafik urlop\u00f3w i nieobecno\u015bci.<\/em><\/p>\n\n\n\n<p><br>Aby doda\u0107 nowy wniosek nale\u017cy nacisn\u0105\u0107 przycisk \u201eDodaj nowy wniosek urlopy\u201d. Aby edytowa\u0107 lub zmieni\u0107 status wniosku nale\u017cy klikn\u0105\u0107 na polu reprezentuj\u0105cym dzie\u0144 kalendarza.<\/p>\n\n\n\n<p>Grafik mo\u017cna przestawi\u0107 na inn\u0105 umow\u0119, wybieraj\u0105c jej opis z listy dost\u0119pnych um\u00f3w lub na inny rok wybieraj\u0105c odpowiedni z listy dost\u0119pnych lat.<\/p>\n\n\n\n<p>Kierownik mo\u017ce podgl\u0105da\u0107 grafik podw\u0142adnych w innym uk\u0142adzie. W tym celu wybiera z menu opcj\u0119 \u201eGrafik nieobecno\u015bci podw\u0142adnych\u201d Na ekranie zobaczy nast\u0119puj\u0105cy uk\u0142ad kalendarzy:<\/p>\n\n\n\n<p class=\"has-text-align-center\"><img loading=\"lazy\" decoding=\"async\" width=\"750\" height=\"366\" class=\"wp-image-4015\" style=\"width: 750px;\" src=\"https:\/\/raks.pl\/pomoc\/wp-content\/uploads\/2022\/09\/8.3.png\" alt=\"\" srcset=\"https:\/\/raks.pl\/pomoc\/wp-content\/uploads\/2022\/09\/8.3.png 687w, https:\/\/raks.pl\/pomoc\/wp-content\/uploads\/2022\/09\/8.3-300x146.png 300w\" sizes=\"auto, (max-width: 750px) 100vw, 750px\" \/><br><em>Grafik nieobecno\u015bci podw\u0142adnych.<\/em><\/p>\n\n\n\n<p>Na tym grafiku mo\u017cna r\u00f3wnie\u017c zarz\u0105dza\u0107 wnioskami poprzez ich edycj\u0119 i zmian\u0119 statusu. Aby edytowa\u0107 lub zmieni\u0107 status wniosku nale\u017cy klikn\u0105\u0107 na polu reprezentuj\u0105cym dzie\u0144 kalendarza. Na ekranie wy\u015bwietli si\u0119 stosowne okienko edycyjne.<\/p>\n","protected":false},"excerpt":{"rendered":"<p>U\u017cytkownicy o rolach Pracownik, Kierownik oraz Akceptant maj\u0105 do dyspozycji podgl\u0105d nieobecno\u015bci pracownik\u00f3w w postaci grafiku, gdzie na kalendarzu wybranego roku wida\u0107 zdarzenia zwi\u0105zane z absencjami pracownika. Kierownik widzi grafik wszystkich swoich podw\u0142adnych, Akceptant widzi grafik przydzielonych pracownik\u00f3w, a pracownik tylko sw\u00f3j. Na grafiku, kt\u00f3ry ma form\u0119 kalendarza oznaczane s\u0105 nast\u0119puj\u0105ce zdarzenia: Urlop zatwierdzony i [&hellip;]<\/p>\n","protected":false},"author":3,"featured_media":0,"parent":3952,"menu_order":6,"comment_status":"closed","ping_status":"closed","template":"","meta":{"_acf_changed":false,"footnotes":""},"class_list":["post-4010","page","type-page","status-publish","hentry"],"acf":[],"_links":{"self":[{"href":"https:\/\/raks.pl\/pomoc\/wp-json\/wp\/v2\/pages\/4010","targetHints":{"allow":["GET"]}}],"collection":[{"href":"https:\/\/raks.pl\/pomoc\/wp-json\/wp\/v2\/pages"}],"about":[{"href":"https:\/\/raks.pl\/pomoc\/wp-json\/wp\/v2\/types\/page"}],"author":[{"embeddable":true,"href":"https:\/\/raks.pl\/pomoc\/wp-json\/wp\/v2\/users\/3"}],"replies":[{"embeddable":true,"href":"https:\/\/raks.pl\/pomoc\/wp-json\/wp\/v2\/comments?post=4010"}],"version-history":[{"count":2,"href":"https:\/\/raks.pl\/pomoc\/wp-json\/wp\/v2\/pages\/4010\/revisions"}],"predecessor-version":[{"id":4221,"href":"https:\/\/raks.pl\/pomoc\/wp-json\/wp\/v2\/pages\/4010\/revisions\/4221"}],"up":[{"embeddable":true,"href":"https:\/\/raks.pl\/pomoc\/wp-json\/wp\/v2\/pages\/3952"}],"wp:attachment":[{"href":"https:\/\/raks.pl\/pomoc\/wp-json\/wp\/v2\/media?parent=4010"}],"curies":[{"name":"wp","href":"https:\/\/api.w.org\/{rel}","templated":true}]}}